{"id":826,"date":"2023-01-23T13:45:03","date_gmt":"2023-01-23T13:45:03","guid":{"rendered":"https:\/\/eleizmuseoa.com\/a-voir-au-musee\/"},"modified":"2023-05-28T08:47:59","modified_gmt":"2023-05-28T08:47:59","slug":"a-voir-au-musee","status":"publish","type":"page","link":"https:\/\/eleizmuseoa.com\/fr\/a-voir-au-musee\/","title":{"rendered":"A voir au mus\u00e9e"},"content":{"rendered":"<p>[et_pb_section fb_built=\u00a0\u00bb1&Prime; _builder_version=\u00a0\u00bb4.20.0&Prime; _module_preset=\u00a0\u00bbdefault\u00a0\u00bb background_color=\u00a0\u00bbrgba(0,0,0,0.4)\u00a0\u00bb background_image=\u00a0\u00bbhttps:\/\/eleizmuseoa.com\/wp-content\/uploads\/Que-ver-Museo-Arte-Sacro-Bilbao.jpg\u00a0\u00bb background_blend=\u00a0\u00bboverlay\u00a0\u00bb border_width_bottom=\u00a0\u00bb6px\u00a0\u00bb border_color_bottom=\u00a0\u00bb#A06D00&Prime; global_colors_info=\u00a0\u00bb{}\u00a0\u00bb][et_pb_row _builder_version=\u00a0\u00bb4.19.5&Prime; _module_preset=\u00a0\u00bbdefault\u00a0\u00bb global_colors_info=\u00a0\u00bb{}\u00a0\u00bb][et_pb_column type=\u00a0\u00bb4_4&Prime; _builder_version=\u00a0\u00bb4.19.5&Prime; _module_preset=\u00a0\u00bbdefault\u00a0\u00bb global_colors_info=\u00a0\u00bb{}\u00a0\u00bb][et_pb_text _builder_version=\u00a0\u00bb4.19.5&Prime; _module_preset=\u00a0\u00bbdefault\u00a0\u00bb header_text_color=\u00a0\u00bb#FFFFFF\u00a0\u00bb header_font_size=\u00a0\u00bb50px\u00a0\u00bb header_font_size_tablet=\u00a0\u00bb50px\u00a0\u00bb header_font_size_phone=\u00a0\u00bb50px\u00a0\u00bb header_font_size_last_edited=\u00a0\u00bbon|phone\u00a0\u00bb header_text_shadow_style=\u00a0\u00bbpreset1&Prime; global_colors_info=\u00a0\u00bb{}\u00a0\u00bb]<\/p>\n<h1><strong>A voir au mus\u00e9e<\/strong><\/h1>\n<p>[\/et_pb_text][\/et_pb_column][\/et_pb_row][\/et_pb_section][et_pb_section fb_built=\u00a0\u00bb1&Prime; module_id=\u00a0\u00bbcoleccion\u00a0\u00bb _builder_version=\u00a0\u00bb4.20.0&Prime; _module_preset=\u00a0\u00bbdefault\u00a0\u00bb background_color=\u00a0\u00bbrgba(0,0,0,0.9)\u00a0\u00bb background_enable_mask_style=\u00a0\u00bbon\u00a0\u00bb background_mask_style=\u00a0\u00bbdiagonal-bars-2&Prime; background_mask_color=\u00a0\u00bb#000000&Prime; global_colors_info=\u00a0\u00bb{}\u00a0\u00bb][et_pb_row column_structure=\u00a0\u00bb1_2,1_2&Prime; _builder_version=\u00a0\u00bb4.20.0&Prime; _module_preset=\u00a0\u00bbdefault\u00a0\u00bb scroll_horizontal_motion=\u00a0\u00bb12|38|38|100|4|0|-4&Prime; motion_trigger_start=\u00a0\u00bbbottom\u00a0\u00bb global_colors_info=\u00a0\u00bb{}\u00a0\u00bb][et_pb_column type=\u00a0\u00bb1_2&Prime; _builder_version=\u00a0\u00bb4.19.5&Prime; _module_preset=\u00a0\u00bbdefault\u00a0\u00bb global_colors_info=\u00a0\u00bb{}\u00a0\u00bb][et_pb_image src=\u00a0\u00bbhttps:\/\/eleizmuseoa.com\/wp-content\/uploads\/Un-museo-con-historia-Arte-Sacro.jpg\u00a0\u00bb alt=\u00a0\u00bbUn mus\u00e9e charg\u00e9 d\u2019histoire\u00a0\u00bb title_text=\u00a0\u00bbUn mus\u00e9e charg\u00e9 d\u2019histoire\u00a0\u00bb _builder_version=\u00a0\u00bb4.20.0&Prime; _module_preset=\u00a0\u00bbdefault\u00a0\u00bb border_radii=\u00a0\u00bboff|10px||10px|\u00a0\u00bb global_colors_info=\u00a0\u00bb{}\u00a0\u00bb][\/et_pb_image][\/et_pb_column][et_pb_column type=\u00a0\u00bb1_2&Prime; _builder_version=\u00a0\u00bb4.19.5&Prime; _module_preset=\u00a0\u00bbdefault\u00a0\u00bb global_colors_info=\u00a0\u00bb{}\u00a0\u00bb][et_pb_text quote_border_color=\u00a0\u00bb#A06D00&Prime; _builder_version=\u00a0\u00bb4.20.0&Prime; _module_preset=\u00a0\u00bbdefault\u00a0\u00bb quote_text_color=\u00a0\u00bb#FFFFFF\u00a0\u00bb header_2_font=\u00a0\u00bb|700|||||||\u00a0\u00bb header_2_text_color=\u00a0\u00bb#A06D00&Prime; header_2_font_size=\u00a0\u00bb28px\u00a0\u00bb background_layout=\u00a0\u00bbdark\u00a0\u00bb global_colors_info=\u00a0\u00bb{}\u00a0\u00bb]<\/p>\n<blockquote>\n<h2>Un mus\u00e9e charg\u00e9 d\u2019histoire<\/h2>\n<\/blockquote>\n<p>[\/et_pb_text][et_pb_text _builder_version=\u00a0\u00bb4.20.0&Prime; _module_preset=\u00a0\u00bbdefault\u00a0\u00bb background_layout=\u00a0\u00bbdark\u00a0\u00bb global_colors_info=\u00a0\u00bb{}\u00a0\u00bb]<\/p>\n<p>Le mus\u00e9e d\u2019art sacr\u00e9 a \u00e9t\u00e9 fond\u00e9 en 1961.<\/p>\n<p>Son objectif \u00e9tait &#8211; et est toujours &#8211; de conserver, restaurer, \u00e9tudier et diffuser le patrimoine religieux du dioc\u00e8se de Bilbao.<\/p>\n<p>Il pr\u00e9sente une exposition permanente de plus de 500 pi\u00e8ces, mais il poss\u00e8de \u00e9galement une vaste collection d\u2019\u0153uvres d\u2019art provenant des \u00e9glises de Biscaye et de dons priv\u00e9s, qui ne cesse de s\u2019enrichir.<\/p>\n<p>Le mus\u00e9e s\u2019occupe \u00e9galement de toutes les \u0153uvres d\u2019art dispers\u00e9es en Biscaye. Les restaurations, les changements d\u2019emplacement des pi\u00e8ces, les transformations d\u2019espaces&#8230; sont g\u00e9r\u00e9s depuis le mus\u00e9e. Un instrument pour la conservation de notre patrimoine culturel.<\/p>\n<p>[\/et_pb_text][et_pb_button button_url=\u00a0\u00bbhttps:\/\/eleizmuseoa.com\/fr\/laert-sacre-en-bizkaia\/\u00a0\u00bb button_text=\u00a0\u00bbL\u00e1ert Sacr\u00e9 en Bizkaia\u00a0\u00bb _builder_version=\u00a0\u00bb4.20.0&Prime; _module_preset=\u00a0\u00bbdefault\u00a0\u00bb custom_button=\u00a0\u00bbon\u00a0\u00bb button_text_color=\u00a0\u00bb#FFFFFF\u00a0\u00bb button_bg_color=\u00a0\u00bb#A06D00&Prime; button_border_color=\u00a0\u00bb#A06D00&Prime; button_icon=\u00a0\u00bb&#x24;||divi||400&Prime; button_on_hover=\u00a0\u00bboff\u00a0\u00bb button_text_color_last_edited=\u00a0\u00bboff|desktop\u00a0\u00bb global_colors_info=\u00a0\u00bb{}\u00a0\u00bb button_text_color__hover_enabled=\u00a0\u00bbon|hover\u00a0\u00bb button_text_color__hover=\u00a0\u00bb#FFFFFF\u00a0\u00bb button_border_color__hover_enabled=\u00a0\u00bbon|hover\u00a0\u00bb button_border_color__hover=\u00a0\u00bb#00534D\u00a0\u00bb button_bg_color__hover_enabled=\u00a0\u00bbon|hover\u00a0\u00bb button_bg_color__hover=\u00a0\u00bb#00534D\u00a0\u00bb button_bg_enable_color__hover=\u00a0\u00bbon\u00a0\u00bb][\/et_pb_button][\/et_pb_column][\/et_pb_row][\/et_pb_section][et_pb_section fb_built=\u00a0\u00bb1&Prime; custom_padding_last_edited=\u00a0\u00bbon|phone\u00a0\u00bb _builder_version=\u00a0\u00bb4.20.0&Prime; _module_preset=\u00a0\u00bbdefault\u00a0\u00bb background_image=\u00a0\u00bbhttps:\/\/eleizmuseoa.com\/wp-content\/uploads\/Convento-dominico-Bilbao-duo.jpg\u00a0\u00bb parallax=\u00a0\u00bbon\u00a0\u00bb parallax_method=\u00a0\u00bboff\u00a0\u00bb custom_padding=\u00a0\u00bb12vw||12vw||true|false\u00a0\u00bb custom_padding_tablet=\u00a0\u00bb12vw||12vw||true|false\u00a0\u00bb custom_padding_phone=\u00a0\u00bb20vw||20vw||true|false\u00a0\u00bb global_colors_info=\u00a0\u00bb{}\u00a0\u00bb][\/et_pb_section][et_pb_section fb_built=\u00a0\u00bb1&Prime; _builder_version=\u00a0\u00bb4.20.0&Prime; _module_preset=\u00a0\u00bbdefault\u00a0\u00bb background_color=\u00a0\u00bbrgba(160,109,0,0.1)\u00a0\u00bb background_enable_mask_style=\u00a0\u00bbon\u00a0\u00bb background_mask_style=\u00a0\u00bbdiagonal-bars\u00a0\u00bb background_mask_color=\u00a0\u00bbrgba(160,109,0,0.05)\u00a0\u00bb background_mask_transform=\u00a0\u00bbinvert|flip_horizontal\u00a0\u00bb global_colors_info=\u00a0\u00bb{}\u00a0\u00bb][et_pb_row column_structure=\u00a0\u00bb1_2,1_2&Prime; _builder_version=\u00a0\u00bb4.19.5&Prime; _module_preset=\u00a0\u00bbdefault\u00a0\u00bb global_colors_info=\u00a0\u00bb{}\u00a0\u00bb][et_pb_column type=\u00a0\u00bb1_2&Prime; _builder_version=\u00a0\u00bb4.19.5&Prime; _module_preset=\u00a0\u00bbdefault\u00a0\u00bb global_colors_info=\u00a0\u00bb{}\u00a0\u00bb][et_pb_image src=\u00a0\u00bbhttps:\/\/eleizmuseoa.com\/wp-content\/uploads\/El-edificio-Museo-Arte-Sacro-Bilbao-1.jpg\u00a0\u00bb alt=\u00a0\u00bbLe b\u00e2timent du mus\u00e9e d&#039;art sacr\u00e9 de Bilbao\u00a0\u00bb title_text=\u00a0\u00bbLe b\u00e2timent du mus\u00e9e d&#039;art sacr\u00e9 de Bilbao\u00a0\u00bb _builder_version=\u00a0\u00bb4.20.0&Prime; _module_preset=\u00a0\u00bbdefault\u00a0\u00bb border_radii=\u00a0\u00bboff|10px||10px|\u00a0\u00bb global_colors_info=\u00a0\u00bb{}\u00a0\u00bb][\/et_pb_image][\/et_pb_column][et_pb_column type=\u00a0\u00bb1_2&Prime; _builder_version=\u00a0\u00bb4.19.5&Prime; _module_preset=\u00a0\u00bbdefault\u00a0\u00bb global_colors_info=\u00a0\u00bb{}\u00a0\u00bb][et_pb_text quote_border_color=\u00a0\u00bb#A06D00&Prime; _builder_version=\u00a0\u00bb4.20.2&Prime; _module_preset=\u00a0\u00bbdefault\u00a0\u00bb header_2_font=\u00a0\u00bb|700|||||||\u00a0\u00bb header_2_text_color=\u00a0\u00bb#00534D\u00a0\u00bb header_2_font_size=\u00a0\u00bb28px\u00a0\u00bb global_colors_info=\u00a0\u00bb{}\u00a0\u00bb]<\/p>\n<blockquote>\n<h2>Le b\u00e2timent<\/h2>\n<\/blockquote>\n<p>[\/et_pb_text][et_pb_text _builder_version=\u00a0\u00bb4.20.2&Prime; _module_preset=\u00a0\u00bbdefault\u00a0\u00bb global_colors_info=\u00a0\u00bb{}\u00a0\u00bb]<\/p>\n<p>Le mus\u00e9e est situ\u00e9 dans le couvent de La Encarnaci\u00f3n. Fond\u00e9 en 1514 par des religieuses dominicaines, il fut le premier couvent f\u00e9minin de Bilbao.<\/p>\n<p>Sa fa\u00e7ade aust\u00e8re dissimule le clo\u00eetre int\u00e9rieur relaxant d\u2019o\u00f9 l\u2019on acc\u00e8de aux salles d\u2019exposition.<\/p>\n<p>Il fait partie du complexe conventuel avec l\u2019\u00e9glise attenante, et ses installations ont \u00e9t\u00e9 utilis\u00e9es \u00e0 diverses fins (centre d\u2019enseignement, caserne, h\u00f4pital&#8230;), jusqu\u2019\u00e0 sa transformation en 1995 en Mus\u00e9e d\u2019art sacr\u00e9 de Bilbao.<\/p>\n<p>[\/et_pb_text][et_pb_button button_url=\u00a0\u00bbhttps:\/\/eleizmuseoa.com\/fr\/location-despace\/\u00a0\u00bb button_text=\u00a0\u00bbLocation d\u2019espace\u00a0\u00bb _builder_version=\u00a0\u00bb4.20.2&Prime; _module_preset=\u00a0\u00bbdefault\u00a0\u00bb custom_button=\u00a0\u00bbon\u00a0\u00bb button_text_color=\u00a0\u00bb#FFFFFF\u00a0\u00bb button_bg_color=\u00a0\u00bb#A06D00&Prime; button_border_color=\u00a0\u00bb#A06D00&Prime; button_icon=\u00a0\u00bb&#x24;||divi||400&Prime; button_on_hover=\u00a0\u00bboff\u00a0\u00bb button_text_color_last_edited=\u00a0\u00bboff|desktop\u00a0\u00bb locked=\u00a0\u00bboff\u00a0\u00bb global_colors_info=\u00a0\u00bb{}\u00a0\u00bb button_text_color__hover_enabled=\u00a0\u00bbon|hover\u00a0\u00bb button_text_color__hover=\u00a0\u00bb#FFFFFF\u00a0\u00bb button_border_color__hover_enabled=\u00a0\u00bbon|hover\u00a0\u00bb button_border_color__hover=\u00a0\u00bb#00534D\u00a0\u00bb button_bg_color__hover_enabled=\u00a0\u00bbon|hover\u00a0\u00bb button_bg_color__hover=\u00a0\u00bb#00534D\u00a0\u00bb button_bg_enable_color__hover=\u00a0\u00bbon\u00a0\u00bb][\/et_pb_button][\/et_pb_column][\/et_pb_row][\/et_pb_section][et_pb_section fb_built=\u00a0\u00bb1&Prime; module_id=\u00a0\u00bbcoleccion\u00a0\u00bb _builder_version=\u00a0\u00bb4.20.0&Prime; _module_preset=\u00a0\u00bbdefault\u00a0\u00bb background_color=\u00a0\u00bbrgba(0,0,0,0.9)\u00a0\u00bb background_enable_mask_style=\u00a0\u00bbon\u00a0\u00bb background_mask_style=\u00a0\u00bbdiagonal-bars-2&Prime; background_mask_color=\u00a0\u00bb#000000&Prime; global_colors_info=\u00a0\u00bb{}\u00a0\u00bb][et_pb_row column_structure=\u00a0\u00bb1_2,1_2&Prime; _builder_version=\u00a0\u00bb4.19.5&Prime; _module_preset=\u00a0\u00bbdefault\u00a0\u00bb global_colors_info=\u00a0\u00bb{}\u00a0\u00bb][et_pb_column type=\u00a0\u00bb1_2&Prime; _builder_version=\u00a0\u00bb4.19.5&Prime; _module_preset=\u00a0\u00bbdefault\u00a0\u00bb global_colors_info=\u00a0\u00bb{}\u00a0\u00bb][et_pb_image src=\u00a0\u00bbhttps:\/\/eleizmuseoa.com\/wp-content\/uploads\/La-coleccion-Museo-Arte-Sacro.jpg\u00a0\u00bb alt=\u00a0\u00bbLa collection\u00a0\u00bb title_text=\u00a0\u00bbLa collection\u00a0\u00bb _builder_version=\u00a0\u00bb4.20.0&Prime; _module_preset=\u00a0\u00bbdefault\u00a0\u00bb border_radii=\u00a0\u00bboff|10px||10px|\u00a0\u00bb global_colors_info=\u00a0\u00bb{}\u00a0\u00bb][\/et_pb_image][\/et_pb_column][et_pb_column type=\u00a0\u00bb1_2&Prime; _builder_version=\u00a0\u00bb4.19.5&Prime; _module_preset=\u00a0\u00bbdefault\u00a0\u00bb global_colors_info=\u00a0\u00bb{}\u00a0\u00bb][et_pb_text quote_border_color=\u00a0\u00bb#A06D00&Prime; _builder_version=\u00a0\u00bb4.20.2&Prime; _module_preset=\u00a0\u00bbdefault\u00a0\u00bb quote_text_color=\u00a0\u00bb#FFFFFF\u00a0\u00bb header_2_font=\u00a0\u00bb|700|||||||\u00a0\u00bb header_2_text_color=\u00a0\u00bb#A06D00&Prime; header_2_font_size=\u00a0\u00bb28px\u00a0\u00bb background_layout=\u00a0\u00bbdark\u00a0\u00bb global_colors_info=\u00a0\u00bb{}\u00a0\u00bb]<\/p>\n<blockquote>\n<h2>La collection<\/h2>\n<\/blockquote>\n<p>[\/et_pb_text][et_pb_text _builder_version=\u00a0\u00bb4.20.2&Prime; _module_preset=\u00a0\u00bbdefault\u00a0\u00bb link_text_color=\u00a0\u00bb#A06D00&Prime; background_layout=\u00a0\u00bbdark\u00a0\u00bb global_colors_info=\u00a0\u00bb{}\u00a0\u00bb]<\/p>\n<p>Un voyage dans l\u2019art bisca\u00efen \u00e0 travers plus de 500 pi\u00e8ces : sculpture, peinture, orf\u00e8vrerie, v\u00eatements&#8230; De l\u2019\u00e9poque romane \u00e0 nos jours.<\/p>\n<p>Des \u0153uvres d\u2019art r\u00e9alis\u00e9es en Biscaye ou \u00e0 l\u2019ext\u00e9rieur, mais destin\u00e9es \u00e0 ses temples.<\/p>\n<p><strong>Il s\u2019agit de la plus importante collection d\u2019art sp\u00e9cifique de Biscaye.<\/strong><\/p>\n<p>D\u2019autre part, il s\u2019agit d\u2019\u0153uvres r\u00e9alis\u00e9es express\u00e9ment dans le but de servir la liturgie chr\u00e9tienne. En d\u2019autres termes, il s\u2019agit de la manifestation la plus importante de la foi des Biscayens au cours de huit si\u00e8cles.<\/p>\n<p>Cela nous permet d\u2019approcher la mentalit\u00e9 d\u2019autres \u00e9poques. \u00c0 travers l\u2019\u00e9volution des formes et des go\u00fbts, la pr\u00e9sence plus ou moins grande de telle ou telle typologie, de telle ou telle iconographie&#8230; nous pouvons aussi suivre le pouls du peuple.<\/p>\n<p><strong>Vous pouvez voir notre collection ici :<\/strong><\/p>\n<p>[\/et_pb_text][et_pb_button button_url=\u00a0\u00bbhttps:\/\/apps.euskadi.eus\/emsime\/coleccion-online\/museo-diocesano-de-arte-sacro-\/museo-60&Prime; url_new_window=\u00a0\u00bbon\u00a0\u00bb button_text=\u00a0\u00bbWeb EMSIME\u00a0\u00bb _builder_version=\u00a0\u00bb4.20.1&Prime; _module_preset=\u00a0\u00bbdefault\u00a0\u00bb custom_button=\u00a0\u00bbon\u00a0\u00bb button_text_color=\u00a0\u00bb#FFFFFF\u00a0\u00bb button_bg_color=\u00a0\u00bb#A06D00&Prime; button_border_color=\u00a0\u00bb#A06D00&Prime; button_icon=\u00a0\u00bb&#xe00e;||divi||400&Prime; button_on_hover=\u00a0\u00bboff\u00a0\u00bb locked=\u00a0\u00bboff\u00a0\u00bb global_colors_info=\u00a0\u00bb{}\u00a0\u00bb button_text_color__hover=\u00a0\u00bb#FFFFFF\u00a0\u00bb button_text_color__hover_enabled=\u00a0\u00bbon|hover\u00a0\u00bb button_border_color__hover=\u00a0\u00bb#00534D\u00a0\u00bb button_border_color__hover_enabled=\u00a0\u00bbon|hover\u00a0\u00bb button_bg_color__hover=\u00a0\u00bb#00534D\u00a0\u00bb button_bg_color__hover_enabled=\u00a0\u00bbon|hover\u00a0\u00bb][\/et_pb_button][et_pb_text _builder_version=\u00a0\u00bb4.20.2&Prime; _module_preset=\u00a0\u00bbdefault\u00a0\u00bb link_text_color=\u00a0\u00bb#A06D00&Prime; background_layout=\u00a0\u00bbdark\u00a0\u00bb global_colors_info=\u00a0\u00bb{}\u00a0\u00bb]<\/p>\n<p><strong>Vous pouvez t\u00e9l\u00e9charger notre catalogue au format PDF :<\/strong><\/p>\n<p>[\/et_pb_text][et_pb_blurb title=\u00a0\u00bbCatalogue de la collection\u00a0\u00bb use_icon=\u00a0\u00bbon\u00a0\u00bb font_icon=\u00a0\u00bb&#xe086;||divi||400&Prime; icon_color=\u00a0\u00bb#A06D00&Prime; icon_placement=\u00a0\u00bbleft\u00a0\u00bb image_icon_width=\u00a0\u00bb50px\u00a0\u00bb _builder_version=\u00a0\u00bb4.20.2&Prime; _module_preset=\u00a0\u00bbdefault\u00a0\u00bb header_font=\u00a0\u00bb|600|||||||\u00a0\u00bb header_text_color=\u00a0\u00bb#FFFFFF\u00a0\u00bb header_font_size=\u00a0\u00bb20px\u00a0\u00bb body_text_color=\u00a0\u00bb#FFFFFF\u00a0\u00bb link_option_url=\u00a0\u00bbhttps:\/\/eleizmuseoa.com\/wp-content\/uploads\/Catalogo-Museo-de-Arte-Sacro-Bilbao.pdf\u00a0\u00bb link_option_url_new_window=\u00a0\u00bbon\u00a0\u00bb global_colors_info=\u00a0\u00bb{}\u00a0\u00bb]<\/p>\n<p>(T\u00e9l\u00e9charger PDF 4Mb)<\/p>\n<p>[\/et_pb_blurb][\/et_pb_column][\/et_pb_row][\/et_pb_section][et_pb_section fb_built=\u00a0\u00bb1&Prime; module_id=\u00a0\u00bbobra-favorita\u00a0\u00bb _builder_version=\u00a0\u00bb4.20.0&Prime; _module_preset=\u00a0\u00bbdefault\u00a0\u00bb background_color=\u00a0\u00bbrgba(160,109,0,0.1)\u00a0\u00bb background_enable_mask_style=\u00a0\u00bbon\u00a0\u00bb background_mask_style=\u00a0\u00bbdiagonal-bars\u00a0\u00bb background_mask_color=\u00a0\u00bbrgba(160,109,0,0.05)\u00a0\u00bb background_mask_transform=\u00a0\u00bbinvert|flip_horizontal\u00a0\u00bb locked=\u00a0\u00bboff\u00a0\u00bb global_colors_info=\u00a0\u00bb{}\u00a0\u00bb][et_pb_row _builder_version=\u00a0\u00bb4.20.0&Prime; _module_preset=\u00a0\u00bbdefault\u00a0\u00bb global_colors_info=\u00a0\u00bb{}\u00a0\u00bb][et_pb_column type=\u00a0\u00bb4_4&Prime; _builder_version=\u00a0\u00bb4.20.0&Prime; _module_preset=\u00a0\u00bbdefault\u00a0\u00bb global_colors_info=\u00a0\u00bb{}\u00a0\u00bb][et_pb_text quote_border_color=\u00a0\u00bb#A06D00&Prime; _builder_version=\u00a0\u00bb4.20.2&Prime; _module_preset=\u00a0\u00bbdefault\u00a0\u00bb header_2_font=\u00a0\u00bb|700|||||||\u00a0\u00bb header_2_text_color=\u00a0\u00bb#00534D\u00a0\u00bb header_2_font_size=\u00a0\u00bb28px\u00a0\u00bb locked=\u00a0\u00bboff\u00a0\u00bb global_colors_info=\u00a0\u00bb{}\u00a0\u00bb]<\/p>\n<blockquote>\n<h2>Mon \u0153uvre favorite<\/h2>\n<\/blockquote>\n<p>[\/et_pb_text][et_pb_cta button_url=\u00a0\u00bbmailto:museo@eleizmuseoa.com\u00a0\u00bb url_new_window=\u00a0\u00bbon\u00a0\u00bb button_text=\u00a0\u00bbEnvoyer\u00a0\u00bb _builder_version=\u00a0\u00bb4.20.2&Prime; _module_preset=\u00a0\u00bbdefault\u00a0\u00bb body_font=\u00a0\u00bb|600|||||||\u00a0\u00bb border_radii=\u00a0\u00bboff|10px||10px|\u00a0\u00bb global_colors_info=\u00a0\u00bb{}\u00a0\u00bb]<\/p>\n<p>Dites-nous quelles sont les \u0153uvres du mus\u00e9e que vous avez pr\u00e9f\u00e9r\u00e9es.<\/p>\n<p>Instructions : R\u00e9digez un texte (350 frappes maximum) et envoyez une image (format JPG, taille minimale 800 x 600 pixels).<\/p>\n<p><em>En envoyant cette image, vous autorisez express\u00e9ment son utilisation\/inclusion sur le site web et les r\u00e9seaux sociaux du Mus\u00e9e d\u2019Art Sacr\u00e9.<\/em><\/p>\n<p>Vous pouvez nous envoyer votre commentaire et votre photo ici<\/p>\n<p>[\/et_pb_cta][\/et_pb_column][\/et_pb_row][et_pb_row column_structure=\u00a0\u00bb2_5,3_5&Prime; use_custom_gutter=\u00a0\u00bbon\u00a0\u00bb gutter_width=\u00a0\u00bb2&Prime; make_equal=\u00a0\u00bbon\u00a0\u00bb _builder_version=\u00a0\u00bb4.20.0&Prime; _module_preset=\u00a0\u00bbdefault\u00a0\u00bb background_enable_color=\u00a0\u00bboff\u00a0\u00bb custom_padding=\u00a0\u00bb0px||||false|false\u00a0\u00bb global_colors_info=\u00a0\u00bb{}\u00a0\u00bb][et_pb_column type=\u00a0\u00bb2_5&Prime; _builder_version=\u00a0\u00bb4.19.5&Prime; _module_preset=\u00a0\u00bbdefault\u00a0\u00bb global_colors_info=\u00a0\u00bb{}\u00a0\u00bb][et_pb_image src=\u00a0\u00bbhttps:\/\/eleizmuseoa.com\/wp-content\/uploads\/Sala-Andra-Maris.jpg\u00a0\u00bb alt=\u00a0\u00bbSala Andra Maris\u00a0\u00bb title_text=\u00a0\u00bbSala Andra Maris\u00a0\u00bb show_in_lightbox=\u00a0\u00bbon\u00a0\u00bb _builder_version=\u00a0\u00bb4.20.0&Prime; _module_preset=\u00a0\u00bbdefault\u00a0\u00bb border_radii=\u00a0\u00bboff|10px||10px|\u00a0\u00bb global_colors_info=\u00a0\u00bb{}\u00a0\u00bb][\/et_pb_image][\/et_pb_column][et_pb_column type=\u00a0\u00bb3_5&Prime; _builder_version=\u00a0\u00bb4.19.5&Prime; _module_preset=\u00a0\u00bbdefault\u00a0\u00bb global_colors_info=\u00a0\u00bb{}\u00a0\u00bb][et_pb_testimonial author=\u00a0\u00bb\u00c1ngel L\u00f3pez Glar\u00eda\u00a0\u00bb job_title=\u00a0\u00bbValladolid\u00a0\u00bb quote_icon_color=\u00a0\u00bb#A06D00&Prime; _builder_version=\u00a0\u00bb4.20.0&Prime; _module_preset=\u00a0\u00bbdefault\u00a0\u00bb body_font_size=\u00a0\u00bb18px\u00a0\u00bb global_colors_info=\u00a0\u00bb{}\u00a0\u00bb]<\/p>\n<h3><strong>Sala Andra Mari <\/strong><\/h3>\n<p><em>En una sola habitaci\u00f3n puedo ver la transformaci\u00f3n de la Virgen hier\u00e1tica, ausente, frontal, que s\u00f3lo sirve de trono a su Hijo, en una verdadera madre que juguetea con el ni\u00f1o Jes\u00fas. Del fr\u00edo rom\u00e1nico al c\u00e1lido g\u00f3tico. Da que pensar.<\/em><\/p>\n<p>[\/et_pb_testimonial][\/et_pb_column][\/et_pb_row][et_pb_row _builder_version=\u00a0\u00bb4.20.0&Prime; _module_preset=\u00a0\u00bbdefault\u00a0\u00bb global_colors_info=\u00a0\u00bb{}\u00a0\u00bb][et_pb_column type=\u00a0\u00bb4_4&Prime; _builder_version=\u00a0\u00bb4.20.0&Prime; _module_preset=\u00a0\u00bbdefault\u00a0\u00bb global_colors_info=\u00a0\u00bb{}\u00a0\u00bb][et_pb_divider color=\u00a0\u00bb#A06D00&Prime; divider_position=\u00a0\u00bbcenter\u00a0\u00bb _builder_version=\u00a0\u00bb4.20.0&Prime; _module_preset=\u00a0\u00bbdefault\u00a0\u00bb global_colors_info=\u00a0\u00bb{}\u00a0\u00bb][\/et_pb_divider][\/et_pb_column][\/et_pb_row][et_pb_row column_structure=\u00a0\u00bb2_5,3_5&Prime; use_custom_gutter=\u00a0\u00bbon\u00a0\u00bb gutter_width=\u00a0\u00bb2&Prime; make_equal=\u00a0\u00bbon\u00a0\u00bb _builder_version=\u00a0\u00bb4.20.0&Prime; _module_preset=\u00a0\u00bbdefault\u00a0\u00bb background_enable_color=\u00a0\u00bboff\u00a0\u00bb global_colors_info=\u00a0\u00bb{}\u00a0\u00bb][et_pb_column type=\u00a0\u00bb2_5&Prime; _builder_version=\u00a0\u00bb4.19.5&Prime; _module_preset=\u00a0\u00bbdefault\u00a0\u00bb global_colors_info=\u00a0\u00bb{}\u00a0\u00bb][et_pb_image src=\u00a0\u00bbhttps:\/\/eleizmuseoa.com\/wp-content\/uploads\/Timpano.jpg\u00a0\u00bb alt=\u00a0\u00bbTimpano\u00a0\u00bb title_text=\u00a0\u00bbTimpano\u00a0\u00bb show_in_lightbox=\u00a0\u00bbon\u00a0\u00bb _builder_version=\u00a0\u00bb4.20.0&Prime; _module_preset=\u00a0\u00bbdefault\u00a0\u00bb border_radii=\u00a0\u00bboff|10px||10px|\u00a0\u00bb global_colors_info=\u00a0\u00bb{}\u00a0\u00bb][\/et_pb_image][\/et_pb_column][et_pb_column type=\u00a0\u00bb3_5&Prime; _builder_version=\u00a0\u00bb4.19.5&Prime; _module_preset=\u00a0\u00bbdefault\u00a0\u00bb global_colors_info=\u00a0\u00bb{}\u00a0\u00bb][et_pb_testimonial author=\u00a0\u00bbAna G\u00f3mez Lombera\u00a0\u00bb job_title=\u00a0\u00bbPlasencia\u00a0\u00bb quote_icon_color=\u00a0\u00bb#A06D00&Prime; _builder_version=\u00a0\u00bb4.20.0&Prime; _module_preset=\u00a0\u00bbdefault\u00a0\u00bb body_font_size=\u00a0\u00bb18px\u00a0\u00bb global_colors_info=\u00a0\u00bb{}\u00a0\u00bb]<\/p>\n<h3><strong>T\u00edmpano de Santurtzi <\/strong><\/h3>\n<p><em>La verdad es que es muy modesto y tosco pero tiene un encanto naif que lo hace tierno. Me encanta el trono.<\/em>[\/et_pb_testimonial][\/et_pb_column][\/et_pb_row][et_pb_row _builder_version=\u00a0\u00bb4.20.0&Prime; _module_preset=\u00a0\u00bbdefault\u00a0\u00bb global_colors_info=\u00a0\u00bb{}\u00a0\u00bb][et_pb_column type=\u00a0\u00bb4_4&Prime; _builder_version=\u00a0\u00bb4.20.0&Prime; _module_preset=\u00a0\u00bbdefault\u00a0\u00bb global_colors_info=\u00a0\u00bb{}\u00a0\u00bb][et_pb_divider color=\u00a0\u00bb#A06D00&Prime; divider_position=\u00a0\u00bbcenter\u00a0\u00bb _builder_version=\u00a0\u00bb4.20.0&Prime; _module_preset=\u00a0\u00bbdefault\u00a0\u00bb global_colors_info=\u00a0\u00bb{}\u00a0\u00bb][\/et_pb_divider][\/et_pb_column][\/et_pb_row][et_pb_row column_structure=\u00a0\u00bb2_5,3_5&Prime; use_custom_gutter=\u00a0\u00bbon\u00a0\u00bb gutter_width=\u00a0\u00bb2&Prime; make_equal=\u00a0\u00bbon\u00a0\u00bb _builder_version=\u00a0\u00bb4.20.0&Prime; _module_preset=\u00a0\u00bbdefault\u00a0\u00bb background_enable_color=\u00a0\u00bboff\u00a0\u00bb global_colors_info=\u00a0\u00bb{}\u00a0\u00bb][et_pb_column type=\u00a0\u00bb2_5&Prime; _builder_version=\u00a0\u00bb4.19.5&Prime; _module_preset=\u00a0\u00bbdefault\u00a0\u00bb global_colors_info=\u00a0\u00bb{}\u00a0\u00bb][et_pb_image src=\u00a0\u00bbhttps:\/\/eleizmuseoa.com\/wp-content\/uploads\/Tablas-catalanas.jpg\u00a0\u00bb alt=\u00a0\u00bbTablas catalanas\u00a0\u00bb title_text=\u00a0\u00bbTablas catalanas\u00a0\u00bb show_in_lightbox=\u00a0\u00bbon\u00a0\u00bb _builder_version=\u00a0\u00bb4.20.0&Prime; _module_preset=\u00a0\u00bbdefault\u00a0\u00bb border_radii=\u00a0\u00bboff|10px||10px|\u00a0\u00bb global_colors_info=\u00a0\u00bb{}\u00a0\u00bb][\/et_pb_image][\/et_pb_column][et_pb_column type=\u00a0\u00bb3_5&Prime; _builder_version=\u00a0\u00bb4.19.5&Prime; _module_preset=\u00a0\u00bbdefault\u00a0\u00bb global_colors_info=\u00a0\u00bb{}\u00a0\u00bb][et_pb_testimonial author=\u00a0\u00bbJordi Roig\u00a0\u00bb job_title=\u00a0\u00bbBarcelona\u00a0\u00bb quote_icon_color=\u00a0\u00bb#A06D00&Prime; _builder_version=\u00a0\u00bb4.20.0&Prime; _module_preset=\u00a0\u00bbdefault\u00a0\u00bb body_font_size=\u00a0\u00bb18px\u00a0\u00bb global_colors_info=\u00a0\u00bb{}\u00a0\u00bb]<\/p>\n<h3><strong>Tablas catalanas<\/strong><\/h3>\n<p><em>Por un momento he cre\u00eddo estar en un museo de mi Catalu\u00f1a ante unas tablas de Bernat Martorell. C\u00f3mo le gustaban las escenas con mucha gente abrigarrada y en movimiento. Y creando volumen con esos oros y platas en relieve. Unas joyitas.<\/em><\/p>\n<p>[\/et_pb_testimonial][\/et_pb_column][\/et_pb_row][et_pb_row _builder_version=\u00a0\u00bb4.20.0&Prime; _module_preset=\u00a0\u00bbdefault\u00a0\u00bb global_colors_info=\u00a0\u00bb{}\u00a0\u00bb][et_pb_column type=\u00a0\u00bb4_4&Prime; _builder_version=\u00a0\u00bb4.20.0&Prime; _module_preset=\u00a0\u00bbdefault\u00a0\u00bb global_colors_info=\u00a0\u00bb{}\u00a0\u00bb][et_pb_divider color=\u00a0\u00bb#A06D00&Prime; divider_position=\u00a0\u00bbcenter\u00a0\u00bb _builder_version=\u00a0\u00bb4.20.0&Prime; _module_preset=\u00a0\u00bbdefault\u00a0\u00bb global_colors_info=\u00a0\u00bb{}\u00a0\u00bb][\/et_pb_divider][\/et_pb_column][\/et_pb_row][et_pb_row column_structure=\u00a0\u00bb2_5,3_5&Prime; use_custom_gutter=\u00a0\u00bbon\u00a0\u00bb gutter_width=\u00a0\u00bb2&Prime; make_equal=\u00a0\u00bbon\u00a0\u00bb disabled_on=\u00a0\u00bbon|on|on\u00a0\u00bb _builder_version=\u00a0\u00bb4.20.0&Prime; _module_preset=\u00a0\u00bbdefault\u00a0\u00bb background_enable_color=\u00a0\u00bboff\u00a0\u00bb disabled=\u00a0\u00bbon\u00a0\u00bb global_colors_info=\u00a0\u00bb{}\u00a0\u00bb][et_pb_column type=\u00a0\u00bb2_5&Prime; _builder_version=\u00a0\u00bb4.19.5&Prime; _module_preset=\u00a0\u00bbdefault\u00a0\u00bb global_colors_info=\u00a0\u00bb{}\u00a0\u00bb][et_pb_image src=\u00a0\u00bbhttps:\/\/eleizmuseoa.com\/wp-content\/uploads\/Jordanes-Magdalena.jpg\u00a0\u00bb alt=\u00a0\u00bbJordanes (Magdalena)\u00a0\u00bb title_text=\u00a0\u00bbJordanes (Magdalena)\u00a0\u00bb show_in_lightbox=\u00a0\u00bbon\u00a0\u00bb _builder_version=\u00a0\u00bb4.20.0&Prime; _module_preset=\u00a0\u00bbdefault\u00a0\u00bb border_radii=\u00a0\u00bboff|10px||10px|\u00a0\u00bb global_colors_info=\u00a0\u00bb{}\u00a0\u00bb][\/et_pb_image][\/et_pb_column][et_pb_column type=\u00a0\u00bb3_5&Prime; _builder_version=\u00a0\u00bb4.19.5&Prime; _module_preset=\u00a0\u00bbdefault\u00a0\u00bb global_colors_info=\u00a0\u00bb{}\u00a0\u00bb][et_pb_testimonial author=\u00a0\u00bbMikel Urdiain\u00a0\u00bb job_title=\u00a0\u00bbPamplona\u00a0\u00bb quote_icon_color=\u00a0\u00bb#A06D00&Prime; _builder_version=\u00a0\u00bb4.20.0&Prime; _module_preset=\u00a0\u00bbdefault\u00a0\u00bb body_font_size=\u00a0\u00bb18px\u00a0\u00bb global_colors_info=\u00a0\u00bb{}\u00a0\u00bb]<\/p>\n<h3><strong>Jordanes<\/strong><\/h3>\n<p><em>Un museo peque\u00f1o, escondido\u2026 y me encuentro con catorce maravillosos cuadros de mi admirado Luca Giordano. Lo m\u00e1s.<\/em><\/p>\n<p><em>Una colecci\u00f3n de obras de Giordano con el ciclo de la vida y la pasi\u00f3n de Cristo y al final una dram\u00e1tica Magdalena penitente (m\u00e1s desnuda de lo habitual). Pero con el virtuosismo de siempre en las obras de Fa presto.<br \/>\n<\/em>[\/et_pb_testimonial][\/et_pb_column][\/et_pb_row][et_pb_row disabled_on=\u00a0\u00bbon|on|on\u00a0\u00bb _builder_version=\u00a0\u00bb4.20.0&Prime; _module_preset=\u00a0\u00bbdefault\u00a0\u00bb disabled=\u00a0\u00bbon\u00a0\u00bb global_colors_info=\u00a0\u00bb{}\u00a0\u00bb][et_pb_column type=\u00a0\u00bb4_4&Prime; _builder_version=\u00a0\u00bb4.20.0&Prime; _module_preset=\u00a0\u00bbdefault\u00a0\u00bb global_colors_info=\u00a0\u00bb{}\u00a0\u00bb][et_pb_divider color=\u00a0\u00bb#A06D00&Prime; divider_position=\u00a0\u00bbcenter\u00a0\u00bb _builder_version=\u00a0\u00bb4.20.0&Prime; _module_preset=\u00a0\u00bbdefault\u00a0\u00bb global_colors_info=\u00a0\u00bb{}\u00a0\u00bb][\/et_pb_divider][\/et_pb_column][\/et_pb_row][et_pb_row column_structure=\u00a0\u00bb2_5,3_5&Prime; use_custom_gutter=\u00a0\u00bbon\u00a0\u00bb gutter_width=\u00a0\u00bb2&Prime; make_equal=\u00a0\u00bbon\u00a0\u00bb _builder_version=\u00a0\u00bb4.20.0&Prime; _module_preset=\u00a0\u00bbdefault\u00a0\u00bb background_enable_color=\u00a0\u00bboff\u00a0\u00bb global_colors_info=\u00a0\u00bb{}\u00a0\u00bb][et_pb_column type=\u00a0\u00bb2_5&Prime; _builder_version=\u00a0\u00bb4.19.5&Prime; _module_preset=\u00a0\u00bbdefault\u00a0\u00bb global_colors_info=\u00a0\u00bb{}\u00a0\u00bb][et_pb_image src=\u00a0\u00bbhttps:\/\/eleizmuseoa.com\/wp-content\/uploads\/Anunciacion-Urrutia.jpg\u00a0\u00bb alt=\u00a0\u00bbAnunciaci\u00f3n de Urrutia\u00a0\u00bb title_text=\u00a0\u00bbAnunciaci\u00f3n de Urrutia\u00a0\u00bb show_in_lightbox=\u00a0\u00bbon\u00a0\u00bb _builder_version=\u00a0\u00bb4.20.0&Prime; _module_preset=\u00a0\u00bbdefault\u00a0\u00bb border_radii=\u00a0\u00bboff|10px||10px|\u00a0\u00bb global_colors_info=\u00a0\u00bb{}\u00a0\u00bb][\/et_pb_image][\/et_pb_column][et_pb_column type=\u00a0\u00bb3_5&Prime; _builder_version=\u00a0\u00bb4.19.5&Prime; _module_preset=\u00a0\u00bbdefault\u00a0\u00bb global_colors_info=\u00a0\u00bb{}\u00a0\u00bb][et_pb_testimonial author=\u00a0\u00bbJorge \u00c1lvarez Jover\u00a0\u00bb job_title=\u00a0\u00bbAlicante\u00a0\u00bb quote_icon_color=\u00a0\u00bb#A06D00&Prime; _builder_version=\u00a0\u00bb4.20.0&Prime; _module_preset=\u00a0\u00bbdefault\u00a0\u00bb body_font_size=\u00a0\u00bb18px\u00a0\u00bb global_colors_info=\u00a0\u00bb{}\u00a0\u00bb]<\/p>\n<h3><strong>La Anunciaci\u00f3n de Urrutia <\/strong><\/h3>\n<p><em>Siempre hab\u00eda visto esta escena como algo muy solemne. Pero aqu\u00ed es algo cercano, humano. Y adem\u00e1s precioso.<\/em>[\/et_pb_testimonial][et_pb_testimonial author=\u00a0\u00bbErramun Lagaska Agirre\u00a0\u00bb job_title=\u00a0\u00bbBeasain\u00a0\u00bb quote_icon_color=\u00a0\u00bb#A06D00&Prime; _builder_version=\u00a0\u00bb4.20.0&Prime; _module_preset=\u00a0\u00bbdefault\u00a0\u00bb body_font_size=\u00a0\u00bb18px\u00a0\u00bb global_colors_info=\u00a0\u00bb{}\u00a0\u00bb]<\/p>\n<h3><strong>La Anunciaci\u00f3n de Urrutia<\/strong><\/h3>\n<p><em>La anunciaci\u00f3n ambientada en un paisaje vasco, con una Virgen que parece que acaba de salir del caser\u00edo. Una delicia de composici\u00f3n y de color. Y como remate una oraci\u00f3n en euskera en 1931. Sorprendente.<\/em>[\/et_pb_testimonial][et_pb_testimonial author=\u00a0\u00bbJordi Bernat\u00a0\u00bb job_title=\u00a0\u00bbTarragona\u00a0\u00bb quote_icon_color=\u00a0\u00bb#A06D00&Prime; _builder_version=\u00a0\u00bb4.20.0&Prime; _module_preset=\u00a0\u00bbdefault\u00a0\u00bb body_font_size=\u00a0\u00bb18px\u00a0\u00bb global_colors_info=\u00a0\u00bb{}\u00a0\u00bb]<\/p>\n<h3><strong>La Anunciaci\u00f3n de Urrutia<\/strong><\/h3>\n<p><em>Me cuentan que la oraci\u00f3n en euskera fue tapada tras la guerra civil, por miedo a la represi\u00f3n franquista, y que hace algunos a\u00f1os los restauradores pudieron recuperarla. Memoria hist\u00f3rica.<\/em>[\/et_pb_testimonial][\/et_pb_column][\/et_pb_row][et_pb_row _builder_version=\u00a0\u00bb4.20.0&Prime; _module_preset=\u00a0\u00bbdefault\u00a0\u00bb global_colors_info=\u00a0\u00bb{}\u00a0\u00bb][et_pb_column type=\u00a0\u00bb4_4&Prime; _builder_version=\u00a0\u00bb4.20.0&Prime; _module_preset=\u00a0\u00bbdefault\u00a0\u00bb global_colors_info=\u00a0\u00bb{}\u00a0\u00bb][et_pb_divider color=\u00a0\u00bb#A06D00&Prime; divider_position=\u00a0\u00bbcenter\u00a0\u00bb _builder_version=\u00a0\u00bb4.20.0&Prime; _module_preset=\u00a0\u00bbdefault\u00a0\u00bb global_colors_info=\u00a0\u00bb{}\u00a0\u00bb][\/et_pb_divider][\/et_pb_column][\/et_pb_row][et_pb_row column_structure=\u00a0\u00bb2_5,3_5&Prime; use_custom_gutter=\u00a0\u00bbon\u00a0\u00bb gutter_width=\u00a0\u00bb2&Prime; make_equal=\u00a0\u00bbon\u00a0\u00bb _builder_version=\u00a0\u00bb4.20.0&Prime; _module_preset=\u00a0\u00bbdefault\u00a0\u00bb background_enable_color=\u00a0\u00bboff\u00a0\u00bb global_colors_info=\u00a0\u00bb{}\u00a0\u00bb][et_pb_column type=\u00a0\u00bb2_5&Prime; _builder_version=\u00a0\u00bb4.19.5&Prime; _module_preset=\u00a0\u00bbdefault\u00a0\u00bb global_colors_info=\u00a0\u00bb{}\u00a0\u00bb][et_pb_image src=\u00a0\u00bbhttps:\/\/eleizmuseoa.com\/wp-content\/uploads\/Cristo-de-Larrea.jpeg\u00a0\u00bb alt=\u00a0\u00bbCristo de Larrea\u00a0\u00bb title_text=\u00a0\u00bbCristo de Larrea\u00a0\u00bb show_in_lightbox=\u00a0\u00bbon\u00a0\u00bb _builder_version=\u00a0\u00bb4.20.1&Prime; _module_preset=\u00a0\u00bbdefault\u00a0\u00bb border_radii=\u00a0\u00bboff|10px||10px|\u00a0\u00bb global_colors_info=\u00a0\u00bb{}\u00a0\u00bb][\/et_pb_image][\/et_pb_column][et_pb_column type=\u00a0\u00bb3_5&Prime; _builder_version=\u00a0\u00bb4.19.5&Prime; _module_preset=\u00a0\u00bbdefault\u00a0\u00bb global_colors_info=\u00a0\u00bb{}\u00a0\u00bb][et_pb_testimonial author=\u00a0\u00bbMiguel \u00c1ngel Mart\u00ednez Rosa\u00a0\u00bb job_title=\u00a0\u00bbMadrid\u00a0\u00bb quote_icon_color=\u00a0\u00bb#A06D00&Prime; _builder_version=\u00a0\u00bb4.20.0&Prime; _module_preset=\u00a0\u00bbdefault\u00a0\u00bb body_font_size=\u00a0\u00bb18px\u00a0\u00bb global_colors_info=\u00a0\u00bb{}\u00a0\u00bb]<\/p>\n<h3><strong>Cristo de Larrea <\/strong><\/h3>\n<p><em>Me recuerda a los cristos rom\u00e1nicos, pero reducido a la esencia. Yo cre\u00eda que no hab\u00eda arte religioso contempor\u00e1neo, pero ya veo que estaba equivocado.<\/em>[\/et_pb_testimonial][\/et_pb_column][\/et_pb_row][et_pb_row _builder_version=\u00a0\u00bb4.20.0&Prime; _module_preset=\u00a0\u00bbdefault\u00a0\u00bb global_colors_info=\u00a0\u00bb{}\u00a0\u00bb][et_pb_column type=\u00a0\u00bb4_4&Prime; _builder_version=\u00a0\u00bb4.20.0&Prime; _module_preset=\u00a0\u00bbdefault\u00a0\u00bb global_colors_info=\u00a0\u00bb{}\u00a0\u00bb][et_pb_divider color=\u00a0\u00bb#A06D00&Prime; divider_position=\u00a0\u00bbcenter\u00a0\u00bb _builder_version=\u00a0\u00bb4.20.0&Prime; _module_preset=\u00a0\u00bbdefault\u00a0\u00bb global_colors_info=\u00a0\u00bb{}\u00a0\u00bb][\/et_pb_divider][\/et_pb_column][\/et_pb_row][et_pb_row column_structure=\u00a0\u00bb2_5,3_5&Prime; use_custom_gutter=\u00a0\u00bbon\u00a0\u00bb gutter_width=\u00a0\u00bb2&Prime; make_equal=\u00a0\u00bbon\u00a0\u00bb _builder_version=\u00a0\u00bb4.20.0&Prime; _module_preset=\u00a0\u00bbdefault\u00a0\u00bb background_enable_color=\u00a0\u00bboff\u00a0\u00bb global_colors_info=\u00a0\u00bb{}\u00a0\u00bb][et_pb_column type=\u00a0\u00bb2_5&Prime; _builder_version=\u00a0\u00bb4.19.5&Prime; _module_preset=\u00a0\u00bbdefault\u00a0\u00bb global_colors_info=\u00a0\u00bb{}\u00a0\u00bb][et_pb_image src=\u00a0\u00bbhttps:\/\/eleizmuseoa.com\/wp-content\/uploads\/Virgen-de-la-Soledad.jpg\u00a0\u00bb alt=\u00a0\u00bbVirgen de la Soledad\u00a0\u00bb title_text=\u00a0\u00bbVirgen de la Soledad\u00a0\u00bb show_in_lightbox=\u00a0\u00bbon\u00a0\u00bb _builder_version=\u00a0\u00bb4.20.0&Prime; _module_preset=\u00a0\u00bbdefault\u00a0\u00bb border_radii=\u00a0\u00bboff|10px||10px|\u00a0\u00bb global_colors_info=\u00a0\u00bb{}\u00a0\u00bb][\/et_pb_image][\/et_pb_column][et_pb_column type=\u00a0\u00bb3_5&Prime; _builder_version=\u00a0\u00bb4.19.5&Prime; _module_preset=\u00a0\u00bbdefault\u00a0\u00bb global_colors_info=\u00a0\u00bb{}\u00a0\u00bb][et_pb_testimonial author=\u00a0\u00bbJuan Fern\u00e1ndez Lopera\u00a0\u00bb job_title=\u00a0\u00bbC\u00f3rdoba\u00a0\u00bb quote_icon_color=\u00a0\u00bb#A06D00&Prime; _builder_version=\u00a0\u00bb4.20.0&Prime; _module_preset=\u00a0\u00bbdefault\u00a0\u00bb body_font_size=\u00a0\u00bb18px\u00a0\u00bb global_colors_info=\u00a0\u00bb{}\u00a0\u00bb]<\/p>\n<h3><strong>Virgen de la Soledad <\/strong><\/h3>\n<p><em>\u00a1Qu\u00e9 fuerza! No conoc\u00eda a este Asorey, pero estoy viendo en la wiki que es uno de los grandes del siglo XX. Tengo que seguirle la pista. Impresionante.<\/em>[\/et_pb_testimonial][\/et_pb_column][\/et_pb_row][\/et_pb_section]<\/p>\n","protected":false},"excerpt":{"rendered":"<p>A voir au mus\u00e9e Un mus\u00e9e charg\u00e9 d\u2019histoire Le mus\u00e9e d\u2019art sacr\u00e9 a \u00e9t\u00e9 fond\u00e9 en 1961. Son objectif \u00e9tait &#8211; et est toujours &#8211; de conserver, restaurer, \u00e9tudier et diffuser le patrimoine religieux du dioc\u00e8se de Bilbao. Il pr\u00e9sente une exposition permanente de plus de 500 pi\u00e8ces, mais il poss\u00e8de \u00e9galement une vaste collection [&hellip;]<\/p>\n","protected":false},"author":1,"featured_media":0,"parent":0,"menu_order":0,"comment_status":"closed","ping_status":"closed","template":"","meta":{"_et_pb_use_builder":"on","_et_pb_old_content":"","_et_gb_content_width":"","footnotes":""},"class_list":["post-826","page","type-page","status-publish","hentry"],"yoast_head":"<!-- This site is optimized with the Yoast SEO plugin v27.5 - https:\/\/yoast.com\/product\/yoast-seo-wordpress\/ -->\n<title>A voir au mus\u00e9e | Museo Arte Sacro Bilbao<\/title>\n<meta name=\"description\" content=\"Que voir au Mus\u00e9e d&#039;Art Sacr\u00e9 de Bilbao. Un mus\u00e9e d&#039;histoire, le b\u00e2timent du mus\u00e9e et la collection d&#039;art sacr\u00e9 du mus\u00e9e.\" \/>\n<meta name=\"robots\" content=\"index, follow, max-snippet:-1, max-image-preview:large, max-video-preview:-1\" \/>\n<link rel=\"canonical\" href=\"https:\/\/eleizmuseoa.com\/fr\/a-voir-au-musee\/\" \/>\n<meta property=\"og:locale\" content=\"fr_FR\" \/>\n<meta property=\"og:type\" content=\"article\" \/>\n<meta property=\"og:title\" content=\"A voir au mus\u00e9e | Museo Arte Sacro Bilbao\" \/>\n<meta property=\"og:description\" content=\"Que voir au Mus\u00e9e d&#039;Art Sacr\u00e9 de Bilbao. Un mus\u00e9e d&#039;histoire, le b\u00e2timent du mus\u00e9e et la collection d&#039;art sacr\u00e9 du mus\u00e9e.\" \/>\n<meta property=\"og:url\" content=\"https:\/\/eleizmuseoa.com\/fr\/a-voir-au-musee\/\" \/>\n<meta property=\"og:site_name\" content=\"Museo Arte Sacro Bilbao\" \/>\n<meta property=\"article:publisher\" content=\"https:\/\/www.facebook.com\/museoartebilbao\" \/>\n<meta property=\"article:modified_time\" content=\"2023-05-28T08:47:59+00:00\" \/>\n<meta property=\"og:image\" content=\"https:\/\/eleizmuseoa.com\/wp-content\/uploads\/El-edificio-Museo-Arte-Sacro-Bilbao-1.jpg\" \/>\n\t<meta property=\"og:image:width\" content=\"800\" \/>\n\t<meta property=\"og:image:height\" content=\"600\" \/>\n\t<meta property=\"og:image:type\" content=\"image\/jpeg\" \/>\n<script type=\"application\/ld+json\" class=\"yoast-schema-graph\">{\"@context\":\"https:\\\/\\\/schema.org\",\"@graph\":[{\"@type\":\"WebPage\",\"@id\":\"https:\\\/\\\/eleizmuseoa.com\\\/fr\\\/a-voir-au-musee\\\/\",\"url\":\"https:\\\/\\\/eleizmuseoa.com\\\/fr\\\/a-voir-au-musee\\\/\",\"name\":\"A voir au mus\u00e9e | Museo Arte Sacro Bilbao\",\"isPartOf\":{\"@id\":\"https:\\\/\\\/eleizmuseoa.com\\\/fr\\\/#website\"},\"datePublished\":\"2023-01-23T13:45:03+00:00\",\"dateModified\":\"2023-05-28T08:47:59+00:00\",\"description\":\"Que voir au Mus\u00e9e d'Art Sacr\u00e9 de Bilbao. Un mus\u00e9e d'histoire, le b\u00e2timent du mus\u00e9e et la collection d'art sacr\u00e9 du mus\u00e9e.\",\"breadcrumb\":{\"@id\":\"https:\\\/\\\/eleizmuseoa.com\\\/fr\\\/a-voir-au-musee\\\/#breadcrumb\"},\"inLanguage\":\"fr-FR\",\"potentialAction\":[{\"@type\":\"ReadAction\",\"target\":[\"https:\\\/\\\/eleizmuseoa.com\\\/fr\\\/a-voir-au-musee\\\/\"]}]},{\"@type\":\"BreadcrumbList\",\"@id\":\"https:\\\/\\\/eleizmuseoa.com\\\/fr\\\/a-voir-au-musee\\\/#breadcrumb\",\"itemListElement\":[{\"@type\":\"ListItem\",\"position\":1,\"name\":\"Portada\",\"item\":\"https:\\\/\\\/eleizmuseoa.com\\\/fr\\\/musee-dart-sacre-de-bilbao\\\/\"},{\"@type\":\"ListItem\",\"position\":2,\"name\":\"A voir au mus\u00e9e\"}]},{\"@type\":\"WebSite\",\"@id\":\"https:\\\/\\\/eleizmuseoa.com\\\/fr\\\/#website\",\"url\":\"https:\\\/\\\/eleizmuseoa.com\\\/fr\\\/\",\"name\":\"Museo Arte Sacro Bilbao\",\"description\":\"Eleiz Museoa Bilbao\",\"publisher\":{\"@id\":\"https:\\\/\\\/eleizmuseoa.com\\\/fr\\\/#organization\"},\"alternateName\":\"Museo de Arte Sacro de Bilbao\",\"potentialAction\":[{\"@type\":\"SearchAction\",\"target\":{\"@type\":\"EntryPoint\",\"urlTemplate\":\"https:\\\/\\\/eleizmuseoa.com\\\/fr\\\/?s={search_term_string}\"},\"query-input\":{\"@type\":\"PropertyValueSpecification\",\"valueRequired\":true,\"valueName\":\"search_term_string\"}}],\"inLanguage\":\"fr-FR\"},{\"@type\":\"Organization\",\"@id\":\"https:\\\/\\\/eleizmuseoa.com\\\/fr\\\/#organization\",\"name\":\"Museo Arte Sacro de Bilbao\",\"alternateName\":\"Museo de Arte Sacro de Bilbao\",\"url\":\"https:\\\/\\\/eleizmuseoa.com\\\/fr\\\/\",\"logo\":{\"@type\":\"ImageObject\",\"inLanguage\":\"fr-FR\",\"@id\":\"https:\\\/\\\/eleizmuseoa.com\\\/fr\\\/#\\\/schema\\\/logo\\\/image\\\/\",\"url\":\"https:\\\/\\\/eleizmuseoa.com\\\/wp-content\\\/uploads\\\/Museo-Arte-Sacro-logo.png\",\"contentUrl\":\"https:\\\/\\\/eleizmuseoa.com\\\/wp-content\\\/uploads\\\/Museo-Arte-Sacro-logo.png\",\"width\":341,\"height\":75,\"caption\":\"Museo Arte Sacro de Bilbao\"},\"image\":{\"@id\":\"https:\\\/\\\/eleizmuseoa.com\\\/fr\\\/#\\\/schema\\\/logo\\\/image\\\/\"},\"sameAs\":[\"https:\\\/\\\/www.facebook.com\\\/museoartebilbao\",\"https:\\\/\\\/www.youtube.com\\\/channel\\\/UC9NOH7JBvYISiBVRGmEuCVw\",\"https:\\\/\\\/www.instagram.com\\\/museoartesacrobilbao\\\/\"]}]}<\/script>\n<!-- \/ Yoast SEO plugin. -->","yoast_head_json":{"title":"A voir au mus\u00e9e | Museo Arte Sacro Bilbao","description":"Que voir au Mus\u00e9e d'Art Sacr\u00e9 de Bilbao. Un mus\u00e9e d'histoire, le b\u00e2timent du mus\u00e9e et la collection d'art sacr\u00e9 du mus\u00e9e.","robots":{"index":"index","follow":"follow","max-snippet":"max-snippet:-1","max-image-preview":"max-image-preview:large","max-video-preview":"max-video-preview:-1"},"canonical":"https:\/\/eleizmuseoa.com\/fr\/a-voir-au-musee\/","og_locale":"fr_FR","og_type":"article","og_title":"A voir au mus\u00e9e | Museo Arte Sacro Bilbao","og_description":"Que voir au Mus\u00e9e d'Art Sacr\u00e9 de Bilbao. Un mus\u00e9e d'histoire, le b\u00e2timent du mus\u00e9e et la collection d'art sacr\u00e9 du mus\u00e9e.","og_url":"https:\/\/eleizmuseoa.com\/fr\/a-voir-au-musee\/","og_site_name":"Museo Arte Sacro Bilbao","article_publisher":"https:\/\/www.facebook.com\/museoartebilbao","article_modified_time":"2023-05-28T08:47:59+00:00","og_image":[{"width":800,"height":600,"url":"https:\/\/eleizmuseoa.com\/wp-content\/uploads\/El-edificio-Museo-Arte-Sacro-Bilbao-1.jpg","type":"image\/jpeg"}],"schema":{"@context":"https:\/\/schema.org","@graph":[{"@type":"WebPage","@id":"https:\/\/eleizmuseoa.com\/fr\/a-voir-au-musee\/","url":"https:\/\/eleizmuseoa.com\/fr\/a-voir-au-musee\/","name":"A voir au mus\u00e9e | Museo Arte Sacro Bilbao","isPartOf":{"@id":"https:\/\/eleizmuseoa.com\/fr\/#website"},"datePublished":"2023-01-23T13:45:03+00:00","dateModified":"2023-05-28T08:47:59+00:00","description":"Que voir au Mus\u00e9e d'Art Sacr\u00e9 de Bilbao. Un mus\u00e9e d'histoire, le b\u00e2timent du mus\u00e9e et la collection d'art sacr\u00e9 du mus\u00e9e.","breadcrumb":{"@id":"https:\/\/eleizmuseoa.com\/fr\/a-voir-au-musee\/#breadcrumb"},"inLanguage":"fr-FR","potentialAction":[{"@type":"ReadAction","target":["https:\/\/eleizmuseoa.com\/fr\/a-voir-au-musee\/"]}]},{"@type":"BreadcrumbList","@id":"https:\/\/eleizmuseoa.com\/fr\/a-voir-au-musee\/#breadcrumb","itemListElement":[{"@type":"ListItem","position":1,"name":"Portada","item":"https:\/\/eleizmuseoa.com\/fr\/musee-dart-sacre-de-bilbao\/"},{"@type":"ListItem","position":2,"name":"A voir au mus\u00e9e"}]},{"@type":"WebSite","@id":"https:\/\/eleizmuseoa.com\/fr\/#website","url":"https:\/\/eleizmuseoa.com\/fr\/","name":"Museo Arte Sacro Bilbao","description":"Eleiz Museoa Bilbao","publisher":{"@id":"https:\/\/eleizmuseoa.com\/fr\/#organization"},"alternateName":"Museo de Arte Sacro de Bilbao","potentialAction":[{"@type":"SearchAction","target":{"@type":"EntryPoint","urlTemplate":"https:\/\/eleizmuseoa.com\/fr\/?s={search_term_string}"},"query-input":{"@type":"PropertyValueSpecification","valueRequired":true,"valueName":"search_term_string"}}],"inLanguage":"fr-FR"},{"@type":"Organization","@id":"https:\/\/eleizmuseoa.com\/fr\/#organization","name":"Museo Arte Sacro de Bilbao","alternateName":"Museo de Arte Sacro de Bilbao","url":"https:\/\/eleizmuseoa.com\/fr\/","logo":{"@type":"ImageObject","inLanguage":"fr-FR","@id":"https:\/\/eleizmuseoa.com\/fr\/#\/schema\/logo\/image\/","url":"https:\/\/eleizmuseoa.com\/wp-content\/uploads\/Museo-Arte-Sacro-logo.png","contentUrl":"https:\/\/eleizmuseoa.com\/wp-content\/uploads\/Museo-Arte-Sacro-logo.png","width":341,"height":75,"caption":"Museo Arte Sacro de Bilbao"},"image":{"@id":"https:\/\/eleizmuseoa.com\/fr\/#\/schema\/logo\/image\/"},"sameAs":["https:\/\/www.facebook.com\/museoartebilbao","https:\/\/www.youtube.com\/channel\/UC9NOH7JBvYISiBVRGmEuCVw","https:\/\/www.instagram.com\/museoartesacrobilbao\/"]}]}},"_links":{"self":[{"href":"https:\/\/eleizmuseoa.com\/fr\/wp-json\/wp\/v2\/pages\/826","targetHints":{"allow":["GET"]}}],"collection":[{"href":"https:\/\/eleizmuseoa.com\/fr\/wp-json\/wp\/v2\/pages"}],"about":[{"href":"https:\/\/eleizmuseoa.com\/fr\/wp-json\/wp\/v2\/types\/page"}],"author":[{"embeddable":true,"href":"https:\/\/eleizmuseoa.com\/fr\/wp-json\/wp\/v2\/users\/1"}],"replies":[{"embeddable":true,"href":"https:\/\/eleizmuseoa.com\/fr\/wp-json\/wp\/v2\/comments?post=826"}],"version-history":[{"count":0,"href":"https:\/\/eleizmuseoa.com\/fr\/wp-json\/wp\/v2\/pages\/826\/revisions"}],"wp:attachment":[{"href":"https:\/\/eleizmuseoa.com\/fr\/wp-json\/wp\/v2\/media?parent=826"}],"curies":[{"name":"wp","href":"https:\/\/api.w.org\/{rel}","templated":true}]}}